{"version":"1.0","provider_name":"\u00c9letfeladatra Sz\u00fclett\u00e9l","provider_url":"https:\/\/eletfeladat.cafeblog.hu","author_name":"Ariel","author_url":"https:\/\/eletfeladat.cafeblog.hu\/author\/kriszt\/","title":"\u00d6nTudat","html":"<p style=\"text-align: justify\">\u00a0<\/p>\r\n<p style=\"text-align: justify\"><strong>A XXI. sz\u00e1zadban bel\u00e9pt\u00fcnk az \u00f6t\u00f6dik dimenzi\u00f3ba. Ez azt jelenti, hogy el\u0151t\u00e9rbe ker\u00fcl az ember maga, akinek \u00d6nTudat\u00e1ra kell \u00e9brednie. Azok, akik ezt az utat v\u00e9gigj\u00e1rj\u00e1k, szabadok \u00e9s boldogok lesznek, m\u00edg azok, akik elutas\u00edtj\u00e1k az \u00f6t\u00f6dik dimenzi\u00f3 t\u00f6rv\u00e9nyeit \u00e9s jelz\u00e9seit, blokkolj\u00e1k a j\u00f3l\u00e9t\u00fcket, illet\u0151leg lesznek olyanok is, akik el is fognak t\u00e1vozni k\u00f6z\u00fcl\u00fcnk.<\/strong><\/p>\r\n<p style=\"text-align: justify\"><strong>T\u00f6bb lehet\u0151s\u00e9g van az \u00e9letedben, mint gondoln\u00e1d. <\/strong><\/p>\r\n<p style=\"text-align: justify\"><strong>T\u00f6bb a fizikai tested, mint egy anyag. Nem \u00e9rdemes csak \u00fagy elhaszn\u00e1lnod.<\/strong><\/p>\r\n<p style=\"text-align: justify\">\u00a0<\/p>\r\n<p style=\"text-align: justify\"><a href=\"https:\/\/eletfeladat.cafeblog.hu\/files\/2015\/12\/ont.jpg\"><img class=\" wp-image-25 aligncenter\" src=\"https:\/\/eletfeladat.cafeblog.hu\/files\/2015\/12\/ont-300x150.jpg\" alt=\"ont\" width=\"374\" height=\"187\" \/><\/a><\/p>\r\n<p style=\"text-align: justify\">\u00a0<\/p>\r\n<p style=\"text-align: justify\"><strong>Sz\u00fcks\u00e9ges megismerkedned a L\u00e9lekSzellem m\u0171k\u00f6d\u00e9s\u00e9vel is, hiszen ez a lelked \u00e9s a tested m\u0171k\u00f6d\u00e9s\u00e9nek spiritu\u00e1lis mozgat\u00f3rug\u00f3ja is. Lehet, hogy eddig nem foglalkozt\u00e1l vele, vagy nem figyelt\u00e9l a jelz\u00e9sekre, vagy nem tudtad \u00e9rtelmezni a tested \u00e9s lelked, a hozz\u00e1d \u00e9rkez\u0151 energi\u00e1k jelz\u00e9seit. Vannak olyanok is, akik tudatosan utas\u00edtj\u00e1k el az univerzumban egy\u00e9rtelm\u0171en \u00e9l\u0151 \u00e9s m\u0171k\u00f6d\u0151 kvantumfizikai mechanizmusokat, ugyanakkor csod\u00e1lkoznak azon, hogy tudattalan \u00e9letvitel\u00fck nem t\u00fal vid\u00e1m.<\/strong><\/p>\r\n<p style=\"text-align: justify\"><strong>Az \u00d6nTudatra \u00e9bred\u00e9s nem hit vagy vall\u00e1s k\u00e9rd\u00e9se, b\u00e1r nyilv\u00e1nval\u00f3an megk\u00e9rd\u0151jelezhetetlen az \u00f6r\u00f6kk\u00e9val\u00f3s\u00e1g jelenl\u00e9te F\u00f6ld\u00f6n innen \u00e9s t\u00fal.<\/strong><\/p>\r\n<p style=\"text-align: justify\"><strong>Az \u00f6t\u00f6dik dimenzi\u00f3ban az \u00d6nTudatra \u00e9bred\u00e9s saj\u00e1t c\u00e9lok szerint kell, hogy megval\u00f3suljon. Minden ember egyedi \u00e9s megism\u00e9telhetetlen l\u00e9tez\u0151.\u00a0<\/strong><\/p>\r\n<p style=\"text-align: justify\"><strong>\u00d6nmagunk megismer\u00e9s\u00e9t \u00f6nismerettel lehet megkezdeni. Az \u00f6nismeret - m\u0171k\u00f6d\u00e9si \u00e9s reag\u00e1l\u00e1si mechanizmusaink - megismer\u00e9se \u00e1ltal\u00e1ban h\u00f3napokat, lassabb halad\u00e1s eset\u00e9n ak\u00e1r 2 \u00e9vet is ig\u00e9nybe vehet. \u00c9rdemes azonban megismerni \u00f6nmagunkat, ezzel elker\u00fclhet\u00fcnk sz\u00e1mtalan konfliktus- \u00e9s kr\u00edzishelyzetet, s\u00falyos betegs\u00e9geket.\u00a0<\/strong><\/p>\r\n<p style=\"text-align: justify\"><strong>A betegs\u00e9gek 100 %-\u00e1t pszich\u00e9s alapon mi hozzuk l\u00e9tre test\u00fcnkben. Hi\u00e1ba \u00e1ll\u00edtj\u00e1k az orvosok, hogy vannak genetikai \u00e9s \u00f6r\u00f6kl\u0151d\u0151 betegs\u00e9gek, azok csak akkor jelennek meg a testben, ha tudattalanul ugyanazokat a gener\u00e1ci\u00f3s hib\u00e1kat k\u00f6vetj\u00fck el, mint csal\u00e1dunk felmen\u0151i. H\u00e1nyszor halljuk, hogy azt mondja valaki: \u00f3, h\u00e1t az apja, anyja, testv\u00e9re, stb. is olyan volt, \u00edgy \u00e9lt, az is ugyanabban halt meg, stb. Ez\u00e9rt fontos, hogy elhagyva a gener\u00e1ci\u00f3s blokkokat, val\u00f3ban saj\u00e1t magunkat \u00e9lj\u00fck meg.<\/strong><\/p>\r\n<p style=\"text-align: justify\"><strong>Az \u00d6nTudat men\u00fcben teh\u00e1t saj\u00e1t fejl\u0151d\u00e9sedet fogom t\u00e1mogatni, azonban a saj\u00e1t utadat neked kell bej\u00e1rnod.\u00a0<\/strong><\/p>\r\n<p style=\"text-align: justify\"><strong>J\u00f3 h\u00edr, hogyha aki id\u0151t sz\u00e1nsz \u00f6nmagadra, nem lehets\u00e9ges, hogy ne siker\u00fclj\u00f6n az \u00e1tt\u00f6r\u00e9s.<\/strong><\/p>\r\n<p><a href=\"https:\/\/eletfeladat.cafeblog.hu\/files\/2015\/12\/on.jpg\"><img class=\"alignnone  wp-image-26 aligncenter\" src=\"https:\/\/eletfeladat.cafeblog.hu\/files\/2015\/12\/on-300x189.jpg\" alt=\"on\" width=\"348\" height=\"219\" \/><\/a><\/p>\r\n<p style=\"text-align: justify\"><strong>Az eg\u00e9szs\u00e9ges, hossz\u00fa \u00e9letnek, a j\u00f3l\u00e9tednek magad vagy a kulcsa.<\/strong><\/p>\r\n<p style=\"text-align: justify\"><strong>Kellemes napot k\u00edv\u00e1nok:<\/strong><\/p>\r\n<p style=\"text-align: justify\"><strong>KriszT<\/strong><\/p>","type":"rich"}